{"id":1247,"date":"2021-08-31T08:58:35","date_gmt":"2021-08-31T06:58:35","guid":{"rendered":"http:\/\/katedrabiologie.sk\/?page_id=1247"},"modified":"2025-10-21T13:39:45","modified_gmt":"2025-10-21T11:39:45","slug":"mgr-martina-keselakova","status":"publish","type":"page","link":"https:\/\/oddeleniebiologie.sk\/en\/mgr-martina-keselakova\/","title":{"rendered":"Mgr. Martina Ke\u0161e\u013e\u00e1kov\u00e1"},"content":{"rendered":"\n<div class=\"wp-block-columns is-layout-flex wp-container-core-columns-is-layout-9d6595d7 wp-block-columns-is-layout-flex\">\n<div class=\"wp-block-column is-layout-flow wp-block-column-is-layout-flow\" style=\"flex-basis:33.33%\">\n<figure class=\"wp-block-image size-large\"><img loading=\"lazy\" decoding=\"async\" width=\"768\" height=\"1024\" src=\"http:\/\/oddeleniebiologie.sk\/wp-content\/uploads\/2021\/08\/MK-768x1024.jpg\" alt=\"\" class=\"wp-image-1248\" srcset=\"https:\/\/oddeleniebiologie.sk\/wp-content\/uploads\/2021\/08\/MK-768x1024.jpg 768w, https:\/\/oddeleniebiologie.sk\/wp-content\/uploads\/2021\/08\/MK-225x300.jpg 225w, https:\/\/oddeleniebiologie.sk\/wp-content\/uploads\/2021\/08\/MK-1152x1536.jpg 1152w, https:\/\/oddeleniebiologie.sk\/wp-content\/uploads\/2021\/08\/MK-1536x2048.jpg 1536w, https:\/\/oddeleniebiologie.sk\/wp-content\/uploads\/2021\/08\/MK-9x12.jpg 9w, https:\/\/oddeleniebiologie.sk\/wp-content\/uploads\/2021\/08\/MK-1024x1365.jpg 1024w, https:\/\/oddeleniebiologie.sk\/wp-content\/uploads\/2021\/08\/MK-810x1080.jpg 810w, https:\/\/oddeleniebiologie.sk\/wp-content\/uploads\/2021\/08\/MK.jpg 1865w\" sizes=\"auto, (max-width: 768px) 100vw, 768px\" \/><\/figure>\n<\/div>\n\n\n\n<div class=\"wp-block-column is-layout-flow wp-block-column-is-layout-flow\" style=\"flex-basis:66.66%\">\n<p><span style=\"background-color:rgba(0, 0, 0, 0)\" class=\"has-inline-color has-black-color\">doktorand<\/span> <span style=\"background-color:rgba(0, 0, 0, 0)\" class=\"has-inline-color has-black-color\">(5. ro\u010dn\u00edk)<\/span><\/p>\n\n\n\n<p><strong><span class=\"has-inline-color has-black-color\">T\u00e9ma pr\u00e1ce:<\/span><\/strong> <span class=\"has-inline-color has-black-color\">Metabolizmus cukrov u&nbsp;euglenoidn\u00fdch bi\u010d\u00edkovcov a&nbsp;jeho evolu\u010dn\u00e9 aspekty &#8211; detekcia g\u00e9nov, \u0161t\u00fadium ich expresie, \u0161trukt\u00farne a&nbsp;funk\u010dn\u00e9 charakteristiky pr\u00edslu\u0161n\u00fdch prote\u00ednov, <\/span><\/p>\n\n\n\n<p><span style=\"background-color:rgba(0, 0, 0, 0)\" class=\"has-inline-color has-black-color\">\u0161kolite\u013e: <strong>prof. RNDr. Juraj Kraj\u010dovi\u010d, CSc.<\/strong><\/span><\/p>\n\n\n\n<p><span style=\"background-color:rgba(0, 0, 0, 0)\" class=\"has-inline-color has-black-color\"><strong>Zameranie:<\/strong> zameriava sa na sk\u00famanie genetick\u00e9ho potenci\u00e1lu unicelul\u00e1rnych eukaryotick\u00fdch mikroorganizmov z kme\u0148a <em>Euglenozoa<\/em>, v\u00fdskum je s\u00fastreden\u00fd predov\u0161etk\u00fdm na <em>In silico<\/em> anal\u00fdzu kompletn\u00fdch sekven\u010dn\u00fdch d\u00e1t (gen\u00f3mov, transkript\u00f3mov a prote\u00f3mov) vybran\u00fdch druhov euglenoidn\u00fdch bi\u010d\u00edkovcov s cie\u013eom identifik\u00e1cie a bli\u017e\u0161ej charakteriz\u00e1cie enz\u00fdmov, ktor\u00e9 s\u00fa zapojen\u00e9 v procesoch biosynt\u00e9zy a biodegrad\u00e1cie ich z\u00e1sobn\u00e9ho \u03b2-glukanov\u00e9ho polym\u00e9ru, paramylonu, s\u00fa\u010das\u0165ou sk\u00famanej problematiky je aj realiz\u00e1cia fylogenetick\u00fdch anal\u00fdz \u0161tudovan\u00fdch enz\u00fdmov, ktor\u00e9 s\u00fa orientovan\u00e9 na objasnenie ot\u00e1zok evolu\u010dn\u00fdch aspektov, ktor\u00e9 viedli k produkcii tohto atypick\u00e9ho typu z\u00e1sobn\u00e9ho polysacharidu u tak jednoduch\u00fdch eukaryotick\u00fdch mikroorganizmov.<\/span><\/p>\n\n\n\n<p><strong><span class=\"has-inline-color has-black-color\">Vedenie pr\u00e1c&nbsp;(obh\u00e1jen\u00e9):<\/span><\/strong><\/p>\n\n\n\n<p><span style=\"background-color:rgba(0, 0, 0, 0)\" class=\"has-inline-color has-black-color\">Bakal\u00e1rske 0;<\/span><\/p>\n\n\n\n<p><strong><span class=\"has-inline-color has-black-color\">\u00da\u010das\u0165 na rie\u0161en\u00ed vedecko-v\u00fdskumn\u00fdch projektov:<\/span><\/strong><\/p>\n\n\n\n<ul class=\"wp-block-list has-black-color has-text-color\">\n<li><span style=\"background-color:rgba(0, 0, 0, 0)\" class=\"has-inline-color has-black-color\">VEGA 1\/0694\/21 Vplyv intra- a extracelul\u00e1rnych faktorov na metabolizmus&nbsp; a motilitu euglenoidn\u00fdch bi\u010d\u00edkovcov (ved\u00faci projektu: prof. Juraj Kraj\u010dovi\u010d, RNDr., CSc.)<\/span><\/li>\n<\/ul>\n\n\n\n<p><strong><span class=\"has-inline-color has-black-color\">Absolvovan\u00e1 zahrani\u010dn\u00e1 st\u00e1\u017e:<\/span><\/strong><\/p>\n\n\n\n<ul class=\"wp-block-list has-black-color has-text-color\">\n<li><span style=\"background-color:rgba(0, 0, 0, 0)\" class=\"has-inline-color has-black-color\">2019 &#8211; &nbsp;University of Warsaw,&nbsp; Institute of Evolutionary Biology<\/span><\/li>\n<\/ul>\n\n\n\n<p><strong><span class=\"has-inline-color has-black-color\">Publik\u00e1cie:<\/span><\/strong><\/p>\n\n\n\n<ol class=\"wp-block-list has-black-color has-text-color\">\n<li><span style=\"background-color:rgba(0, 0, 0, 0)\" class=\"has-inline-color has-black-color\"><strong>Ke\u0161e\u013e\u00e1kov\u00e1<\/strong>, M. Kraj\u010dovi\u010d, J., Ve\u0161el\u00e9nyiov\u00e1, D. 2017. Komplexnos\u0165 metabolizmu cukrov u euglenoidn\u00fdch bi\u010d\u00edkovcov. In:&nbsp;<em>Aplikovan\u00e9 pr\u00edrodn\u00e9 vedy 2017 : Zborn\u00edk pr\u00e1c : Celoslovensk\u00e1 \u0161tudentsk\u00e1 vedeck\u00e1 konferencia&nbsp;: Zborn\u00edk pr\u00e1c : Celoslovensk\u00e1 \u0161tudentsk\u00e1 vedeck\u00e1 konferencia \/<\/em> Miroslav Horn\u00edk. 1. vyd. Trnava : Univerzita sv. Cyrila a Metoda v Trnave, 2017. ISBN 978-80-8105-845-5, s. 147-153.<\/span><\/li>\n\n\n\n<li><span style=\"background-color:rgba(0, 0, 0, 0)\" class=\"has-inline-color has-black-color\"><strong>Ke\u0161e\u013e\u00e1kov\u00e1<\/strong>, M., Kraj\u010dovi\u010d, J., Ve\u0161el\u00e9nyiov\u00e1, D. 2018. <em>Evolution of paramylon synthase in euglenoid flagellates<\/em> = Evol\u00facia paramylon synt\u00e1zy u euglenoidn\u00fdch bi\u010d\u00edkovcov. In:&nbsp;<em>Applied Natural Sciences : A young Scientists Journal&nbsp;: A young Scientists Journal \/ Jozef Sokol, Miroslav Ondrejovi\u010d, Daniela Chmelov\u00e1. <\/em>1. vyd. Brno : V\u00fdzkumn\u00fd \u00fastav pivova\u0159sk\u00fd a slada\u0159sk\u00fd, 2018.  ISBN 978-80-86576-81-7, s. 13-14.<\/span><\/li>\n\n\n\n<li><span style=\"background-color:rgba(0, 0, 0, 0)\" class=\"has-inline-color has-black-color\"><strong>Ke\u0161e\u013e\u00e1kov\u00e1<\/strong>, M., Ve\u0161el\u00e9nyiov\u00e1, D., Kraj\u010dovi\u010d, J. 2018. Enz\u00fdm paramylon synt\u00e1za u euglenoidn\u00fdch bi\u010d\u00edkovcov. In:&nbsp;Aplikovan\u00e9 pr\u00edrodn\u00e9 vedy 2018 : zborn\u00edk pr\u00e1c z celoslovenskej \u0161tudentskej vedeckej konferencie \u0161tudentov 1., 2. a 3. stup\u0148a vysoko\u0161kolsk\u00e9ho \u0161t\u00fadia, konanej v Trnave 11. apr\u00edla 2018&nbsp;: zborn\u00edk pr\u00e1c z celoslovenskej \u0161tudentskej vedeckej konferencie \u0161tudentov 1., 2. a 3. stup\u0148a vysoko\u0161kolsk\u00e9ho \u0161t\u00fadia, konanej v Trnave 11. apr\u00edla 2018 \/ Miroslav Horn\u00edk. 1. vyd. Trnava : Univerzita sv. Cyrila a Metoda v Trnave, 2018. ISBN 978-80-8105-925-4, s. 81-86.<\/span><\/li>\n\n\n\n<li><span style=\"background-color:rgba(0, 0, 0, 0)\" class=\"has-inline-color has-black-color\"><strong>Ke\u0161e\u013e\u00e1kov\u00e1, M.<\/strong>, Kraj\u010dovi\u010d, J. 2019. Hydrolases involved in metabolism of paramylon in euglenoid flagellates. <em>Europeanjournal of phycology<\/em>; Book of abstract, ISSN 0967-0262, s. 165.<\/span><\/li>\n\n\n\n<li><span style=\"background-color:rgba(0, 0, 0, 0)\" class=\"has-inline-color has-black-color\"><strong>Ke\u0161e\u013e\u00e1kov\u00e1, M.<\/strong>, Ve\u0161el\u00e9nyiov\u00e1, D., Kraj\u010dovi\u010d, J. 2019. Paramylon synthase enzyme in Euglenozoan microorganisms. In <em>Trends and prospects of med\/pharmabiotechnologies in Europe: towardsstrengtheningregionalcooperationincluding CEE countries<\/em>; towards strengthening regional cooperation including CEE countriess \/ zost. Daniela Chmelov\u00e1, Miroslav Ondrejovi\u010d. 1. vyd. Trnava : Univerzita sv. Cyrila a Metoda v Trnave, 2019. ISBN 978-80-8105-996-4, s. 70.<\/span><\/li>\n\n\n\n<li><span style=\"background-color:rgba(0, 0, 0, 0)\" class=\"has-inline-color has-black-color\"><strong>Ke\u0161e\u013e\u00e1kov\u00e1, M.<\/strong>, Ve\u0161el\u00e9nyiov\u00e1, D., Kraj\u010dovi\u010d, J., 2019. Identification of \u03b2-1,3-glucan synthase enzyme in Euglenozoa. <em>49th J\u00edrovec \u0301s Protozoologicaldays [elektronick\u00fd dokument]: conference proceedings. &#8211; Praha : Univerzita Karlova v Praze<\/em> 2019; s. 32.<\/span><\/li>\n\n\n\n<li><span style=\"background-color:rgba(0, 0, 0, 0)\" class=\"has-inline-color has-black-color\"><strong>Ke\u0161e\u013e\u00e1kov\u00e1, M.<\/strong>, Kraj\u010dovi\u010d, J. 2019. Enzymes of paramylon metabolism in euglenozoan flagellates. <em>Sborn\u00edk p\u0159edn\u00e1\u0161ek a poster\u016f, Praha:Venice 2019<\/em>; Book of abstract, ISBN 978-80-270-6488-5, s. 45.<\/span><\/li>\n\n\n\n<li><span style=\"background-color:rgba(0, 0, 0, 0)\" class=\"has-inline-color has-black-color\"><strong>Ke\u0161e\u013e\u00e1kov\u00e1, M.,<\/strong> Kraj\u010dovi\u010d, J. 2019. <em>In silico<\/em> identification and analysis of paramylon metabolism enzymes in euglenozoan microorganisms<em>. AppliedNaturalSciences 2019<\/em>; Book of abstract, ISBN: 978-80-572-0011-6, s. 112.<\/span><\/li>\n\n\n\n<li><span style=\"background-color:rgba(0, 0, 0, 0)\" class=\"has-inline-color has-black-color\"><strong>Ke\u0161e\u013e\u00e1kov\u00e1, M.<\/strong>, Kraj\u010dovi\u010d, J. 2019. Endo-\u03b2-1,3-glucanases involved in metabolism of paramylon. <em>Aplikovan\u00e9 pr\u00edrodn\u00e9 vedy 2019, Univerzita sv. Cyrila a Metoda v Trnave, Zborn\u00edk pr\u00e1c<\/em>, ISBN 978-80-8105-994-0, s. 168.<\/span><\/li>\n\n\n\n<li><span style=\"background-color:rgba(0, 0, 0, 0)\" class=\"has-inline-color has-black-color\"><strong>Ke\u0161e\u013e\u00e1kov\u00e1, M.<\/strong>, Kraj\u010dovi\u010d, J. 2020. Degradation enzymatic pathway of specific bioactive \u03b2-glucan-paramylon. In:&nbsp;<em>Aplikovan\u00e9 pr\u00edrodn\u00e9 vedy 2020 : zborn\u00edk pr\u00e1c : Celoslovensk\u00e1 \u0161tudentsk\u00e1 vedeck\u00e1 konferencia \u0161tudentov 1., 2. a 3. stup\u0148a vysoko\u0161kolsk\u00e9ho \u0161t\u00fadia&nbsp;: zborn\u00edk pr\u00e1c : Celoslovensk\u00e1 \u0161tudentsk\u00e1 vedeck\u00e1 konferencia \u0161tudentov 1., 2. a 3. stup\u0148a vysoko\u0161kolsk\u00e9ho \u0161t\u00fadia <\/em>\/ Martin Valica. 1. vyd. Trnava : Univerzita sv. Cyrila a Metoda v Trnave, 2020. &#8211; ISBN 978-80-572-0094-9, s. 145-147.<\/span><\/li>\n\n\n\n<li><span style=\"background-color:rgba(0, 0, 0, 0)\" class=\"has-inline-color has-black-color\">\u0160imkov\u00e1, R., Kraj\u010dovi\u010d, J., <strong>Ke\u0161e\u013e\u00e1kov\u00e1, M.<\/strong>, Ve\u0161el\u00e9nyiov\u00e1, D. 2020. Metabolism of polysaccharides in phototrophic microorganisms. In:&nbsp;<em>Applied Natural Sciences : A Young Scientists Journal&nbsp;: A Young Scientists Journal<\/em> \/ Jozef Sokol, Miroslav Ondrejovi\u010d, Daniela Chmelov\u00e1. 1. vyd. Brno : V\u00fdzkumn\u00fd \u00fastav pivova\u0159sk\u00fd a slada\u0159sk\u00fd, 2020. ISBN 978-80-86576-93-0, s. 47-48.<\/span><\/li>\n\n\n\n<li><span style=\"background-color:rgba(0, 0, 0, 0)\" class=\"has-inline-color has-black-color\"><strong>Ke\u0161e\u013e\u00e1kov\u00e1, M.<\/strong>, Kraj\u010dovi\u010d, J. 2021. Metabolism of paramylon &#8211; bioinformatic characterization of key enzymes in eukaryotic microorganisms. In:&nbsp;<em>Aplikovan\u00e9 pr\u00edrodn\u00e9 vedy 2021 : zborn\u00edk pr\u00e1c&nbsp;: zborn\u00edk pr\u00e1c<\/em> \/ Martin Valica. &#8211; 1. vyd. &#8211; Trnava : Univerzita sv. Cyrila a Metoda v Trnave, 2021. &#8211; ISBN 978-80-572-0165-6, s. 102-104.<\/span><\/li>\n<\/ol>\n<\/div>\n<\/div>\n","protected":false},"excerpt":{"rendered":"<p>doktorand (5. ro\u010dn\u00edk) T\u00e9ma pr\u00e1ce: Metabolizmus cukrov u&nbsp;euglenoidn\u00fdch bi\u010d\u00edkovcov a&nbsp;jeho evolu\u010dn\u00e9 aspekty &#8211; detekcia g\u00e9nov, \u0161t\u00fadium ich expresie, \u0161trukt\u00farne a&nbsp;funk\u010dn\u00e9 charakteristiky pr\u00edslu\u0161n\u00fdch prote\u00ednov, \u0161kolite\u013e: prof. RNDr. Juraj Kraj\u010dovi\u010d, CSc. Zameranie: zameriava sa na sk\u00famanie genetick\u00e9ho potenci\u00e1lu unicelul\u00e1rnych eukaryotick\u00fdch mikroorganizmov z kme\u0148a Euglenozoa, v\u00fdskum je s\u00fastreden\u00fd predov\u0161etk\u00fdm na In silico anal\u00fdzu kompletn\u00fdch sekven\u010dn\u00fdch d\u00e1t (gen\u00f3mov, transkript\u00f3mov&hellip; <br \/> <a class=\"read-more\" href=\"https:\/\/oddeleniebiologie.sk\/en\/mgr-martina-keselakova\/\">Read more<\/a><\/p>","protected":false},"author":1,"featured_media":0,"parent":0,"menu_order":0,"comment_status":"closed","ping_status":"closed","template":"","meta":{"_monsterinsights_skip_tracking":false,"_monsterinsights_sitenote_active":false,"_monsterinsights_sitenote_note":"","_monsterinsights_sitenote_category":0,"ngg_post_thumbnail":0,"footnotes":""},"class_list":["post-1247","page","type-page","status-publish","hentry"],"yoast_head":"<!-- This site is optimized with the Yoast SEO plugin v27.5 - https:\/\/yoast.com\/product\/yoast-seo-wordpress\/ -->\n<title>Mgr. Martina Ke\u0161e\u013e\u00e1kov\u00e1 - oddeleniebiologie.sk<\/title>\n<meta name=\"robots\" content=\"index, follow, max-snippet:-1, max-image-preview:large, max-video-preview:-1\" \/>\n<link rel=\"canonical\" href=\"https:\/\/oddeleniebiologie.sk\/en\/mgr-martina-keselakova\/\" \/>\n<meta property=\"og:locale\" content=\"en_US\" \/>\n<meta property=\"og:type\" content=\"article\" \/>\n<meta property=\"og:title\" content=\"Mgr. Martina Ke\u0161e\u013e\u00e1kov\u00e1 - oddeleniebiologie.sk\" \/>\n<meta property=\"og:description\" content=\"doktorand (5. ro\u010dn\u00edk) T\u00e9ma pr\u00e1ce: Metabolizmus cukrov u&nbsp;euglenoidn\u00fdch bi\u010d\u00edkovcov a&nbsp;jeho evolu\u010dn\u00e9 aspekty &#8211; detekcia g\u00e9nov, \u0161t\u00fadium ich expresie, \u0161trukt\u00farne a&nbsp;funk\u010dn\u00e9 charakteristiky pr\u00edslu\u0161n\u00fdch prote\u00ednov, \u0161kolite\u013e: prof. RNDr. Juraj Kraj\u010dovi\u010d, CSc. Zameranie: zameriava sa na sk\u00famanie genetick\u00e9ho potenci\u00e1lu unicelul\u00e1rnych eukaryotick\u00fdch mikroorganizmov z kme\u0148a Euglenozoa, v\u00fdskum je s\u00fastreden\u00fd predov\u0161etk\u00fdm na In silico anal\u00fdzu kompletn\u00fdch sekven\u010dn\u00fdch d\u00e1t (gen\u00f3mov, transkript\u00f3mov&hellip; Read more\" \/>\n<meta property=\"og:url\" content=\"https:\/\/oddeleniebiologie.sk\/en\/mgr-martina-keselakova\/\" \/>\n<meta property=\"og:site_name\" content=\"oddeleniebiologie.sk\" \/>\n<meta property=\"article:modified_time\" content=\"2025-10-21T11:39:45+00:00\" \/>\n<meta property=\"og:image\" content=\"https:\/\/oddeleniebiologie.sk\/wp-content\/uploads\/2021\/08\/MK.jpg\" \/>\n\t<meta property=\"og:image:width\" content=\"1865\" \/>\n\t<meta property=\"og:image:height\" content=\"2486\" \/>\n\t<meta property=\"og:image:type\" content=\"image\/jpeg\" \/>\n<meta name=\"twitter:card\" content=\"summary_large_image\" \/>\n<meta name=\"twitter:label1\" content=\"Est. reading time\" \/>\n\t<meta name=\"twitter:data1\" content=\"4 minutes\" \/>\n<script type=\"application\/ld+json\" class=\"yoast-schema-graph\">{\"@context\":\"https:\\\/\\\/schema.org\",\"@graph\":[{\"@type\":\"WebPage\",\"@id\":\"https:\\\/\\\/oddeleniebiologie.sk\\\/mgr-martina-keselakova\\\/\",\"url\":\"https:\\\/\\\/oddeleniebiologie.sk\\\/mgr-martina-keselakova\\\/\",\"name\":\"Mgr. Martina Ke\u0161e\u013e\u00e1kov\u00e1 - oddeleniebiologie.sk\",\"isPartOf\":{\"@id\":\"https:\\\/\\\/oddeleniebiologie.sk\\\/#website\"},\"primaryImageOfPage\":{\"@id\":\"https:\\\/\\\/oddeleniebiologie.sk\\\/mgr-martina-keselakova\\\/#primaryimage\"},\"image\":{\"@id\":\"https:\\\/\\\/oddeleniebiologie.sk\\\/mgr-martina-keselakova\\\/#primaryimage\"},\"thumbnailUrl\":\"http:\\\/\\\/oddeleniebiologie.sk\\\/wp-content\\\/uploads\\\/2021\\\/08\\\/MK-768x1024.jpg\",\"datePublished\":\"2021-08-31T06:58:35+00:00\",\"dateModified\":\"2025-10-21T11:39:45+00:00\",\"breadcrumb\":{\"@id\":\"https:\\\/\\\/oddeleniebiologie.sk\\\/mgr-martina-keselakova\\\/#breadcrumb\"},\"inLanguage\":\"en-US\",\"potentialAction\":[{\"@type\":\"ReadAction\",\"target\":[\"https:\\\/\\\/oddeleniebiologie.sk\\\/mgr-martina-keselakova\\\/\"]}]},{\"@type\":\"ImageObject\",\"inLanguage\":\"en-US\",\"@id\":\"https:\\\/\\\/oddeleniebiologie.sk\\\/mgr-martina-keselakova\\\/#primaryimage\",\"url\":\"http:\\\/\\\/oddeleniebiologie.sk\\\/wp-content\\\/uploads\\\/2021\\\/08\\\/MK-768x1024.jpg\",\"contentUrl\":\"http:\\\/\\\/oddeleniebiologie.sk\\\/wp-content\\\/uploads\\\/2021\\\/08\\\/MK-768x1024.jpg\"},{\"@type\":\"BreadcrumbList\",\"@id\":\"https:\\\/\\\/oddeleniebiologie.sk\\\/mgr-martina-keselakova\\\/#breadcrumb\",\"itemListElement\":[{\"@type\":\"ListItem\",\"position\":1,\"name\":\"Home\",\"item\":\"https:\\\/\\\/oddeleniebiologie.sk\\\/\"},{\"@type\":\"ListItem\",\"position\":2,\"name\":\"Mgr. Martina Ke\u0161e\u013e\u00e1kov\u00e1\"}]},{\"@type\":\"WebSite\",\"@id\":\"https:\\\/\\\/oddeleniebiologie.sk\\\/#website\",\"url\":\"https:\\\/\\\/oddeleniebiologie.sk\\\/\",\"name\":\"oddeleniebiologie.sk\",\"description\":\"Oddelenie biol\u00f3gie\",\"publisher\":{\"@id\":\"https:\\\/\\\/oddeleniebiologie.sk\\\/#organization\"},\"potentialAction\":[{\"@type\":\"SearchAction\",\"target\":{\"@type\":\"EntryPoint\",\"urlTemplate\":\"https:\\\/\\\/oddeleniebiologie.sk\\\/?s={search_term_string}\"},\"query-input\":{\"@type\":\"PropertyValueSpecification\",\"valueRequired\":true,\"valueName\":\"search_term_string\"}}],\"inLanguage\":\"en-US\"},{\"@type\":\"Organization\",\"@id\":\"https:\\\/\\\/oddeleniebiologie.sk\\\/#organization\",\"name\":\"oddeleniebiologie.sk\",\"url\":\"https:\\\/\\\/oddeleniebiologie.sk\\\/\",\"logo\":{\"@type\":\"ImageObject\",\"inLanguage\":\"en-US\",\"@id\":\"https:\\\/\\\/oddeleniebiologie.sk\\\/#\\\/schema\\\/logo\\\/image\\\/\",\"url\":\"https:\\\/\\\/oddeleniebiologie.sk\\\/wp-content\\\/uploads\\\/2023\\\/10\\\/cropped-Oddelenie-biologie.jpg\",\"contentUrl\":\"https:\\\/\\\/oddeleniebiologie.sk\\\/wp-content\\\/uploads\\\/2023\\\/10\\\/cropped-Oddelenie-biologie.jpg\",\"width\":454,\"height\":440,\"caption\":\"oddeleniebiologie.sk\"},\"image\":{\"@id\":\"https:\\\/\\\/oddeleniebiologie.sk\\\/#\\\/schema\\\/logo\\\/image\\\/\"}}]}<\/script>\n<!-- \/ Yoast SEO plugin. -->","yoast_head_json":{"title":"Mgr. Martina Ke\u0161e\u013e\u00e1kov\u00e1 - oddeleniebiologie.sk","robots":{"index":"index","follow":"follow","max-snippet":"max-snippet:-1","max-image-preview":"max-image-preview:large","max-video-preview":"max-video-preview:-1"},"canonical":"https:\/\/oddeleniebiologie.sk\/en\/mgr-martina-keselakova\/","og_locale":"en_US","og_type":"article","og_title":"Mgr. Martina Ke\u0161e\u013e\u00e1kov\u00e1 - oddeleniebiologie.sk","og_description":"doktorand (5. ro\u010dn\u00edk) T\u00e9ma pr\u00e1ce: Metabolizmus cukrov u&nbsp;euglenoidn\u00fdch bi\u010d\u00edkovcov a&nbsp;jeho evolu\u010dn\u00e9 aspekty &#8211; detekcia g\u00e9nov, \u0161t\u00fadium ich expresie, \u0161trukt\u00farne a&nbsp;funk\u010dn\u00e9 charakteristiky pr\u00edslu\u0161n\u00fdch prote\u00ednov, \u0161kolite\u013e: prof. RNDr. Juraj Kraj\u010dovi\u010d, CSc. Zameranie: zameriava sa na sk\u00famanie genetick\u00e9ho potenci\u00e1lu unicelul\u00e1rnych eukaryotick\u00fdch mikroorganizmov z kme\u0148a Euglenozoa, v\u00fdskum je s\u00fastreden\u00fd predov\u0161etk\u00fdm na In silico anal\u00fdzu kompletn\u00fdch sekven\u010dn\u00fdch d\u00e1t (gen\u00f3mov, transkript\u00f3mov&hellip; Read more","og_url":"https:\/\/oddeleniebiologie.sk\/en\/mgr-martina-keselakova\/","og_site_name":"oddeleniebiologie.sk","article_modified_time":"2025-10-21T11:39:45+00:00","og_image":[{"width":1865,"height":2486,"url":"https:\/\/oddeleniebiologie.sk\/wp-content\/uploads\/2021\/08\/MK.jpg","type":"image\/jpeg"}],"twitter_card":"summary_large_image","twitter_misc":{"Est. reading time":"4 minutes"},"schema":{"@context":"https:\/\/schema.org","@graph":[{"@type":"WebPage","@id":"https:\/\/oddeleniebiologie.sk\/mgr-martina-keselakova\/","url":"https:\/\/oddeleniebiologie.sk\/mgr-martina-keselakova\/","name":"Mgr. Martina Ke\u0161e\u013e\u00e1kov\u00e1 - oddeleniebiologie.sk","isPartOf":{"@id":"https:\/\/oddeleniebiologie.sk\/#website"},"primaryImageOfPage":{"@id":"https:\/\/oddeleniebiologie.sk\/mgr-martina-keselakova\/#primaryimage"},"image":{"@id":"https:\/\/oddeleniebiologie.sk\/mgr-martina-keselakova\/#primaryimage"},"thumbnailUrl":"http:\/\/oddeleniebiologie.sk\/wp-content\/uploads\/2021\/08\/MK-768x1024.jpg","datePublished":"2021-08-31T06:58:35+00:00","dateModified":"2025-10-21T11:39:45+00:00","breadcrumb":{"@id":"https:\/\/oddeleniebiologie.sk\/mgr-martina-keselakova\/#breadcrumb"},"inLanguage":"en-US","potentialAction":[{"@type":"ReadAction","target":["https:\/\/oddeleniebiologie.sk\/mgr-martina-keselakova\/"]}]},{"@type":"ImageObject","inLanguage":"en-US","@id":"https:\/\/oddeleniebiologie.sk\/mgr-martina-keselakova\/#primaryimage","url":"http:\/\/oddeleniebiologie.sk\/wp-content\/uploads\/2021\/08\/MK-768x1024.jpg","contentUrl":"http:\/\/oddeleniebiologie.sk\/wp-content\/uploads\/2021\/08\/MK-768x1024.jpg"},{"@type":"BreadcrumbList","@id":"https:\/\/oddeleniebiologie.sk\/mgr-martina-keselakova\/#breadcrumb","itemListElement":[{"@type":"ListItem","position":1,"name":"Home","item":"https:\/\/oddeleniebiologie.sk\/"},{"@type":"ListItem","position":2,"name":"Mgr. Martina Ke\u0161e\u013e\u00e1kov\u00e1"}]},{"@type":"WebSite","@id":"https:\/\/oddeleniebiologie.sk\/#website","url":"https:\/\/oddeleniebiologie.sk\/","name":"oddeleniebiologie.sk","description":"Oddelenie biol\u00f3gie","publisher":{"@id":"https:\/\/oddeleniebiologie.sk\/#organization"},"potentialAction":[{"@type":"SearchAction","target":{"@type":"EntryPoint","urlTemplate":"https:\/\/oddeleniebiologie.sk\/?s={search_term_string}"},"query-input":{"@type":"PropertyValueSpecification","valueRequired":true,"valueName":"search_term_string"}}],"inLanguage":"en-US"},{"@type":"Organization","@id":"https:\/\/oddeleniebiologie.sk\/#organization","name":"oddeleniebiologie.sk","url":"https:\/\/oddeleniebiologie.sk\/","logo":{"@type":"ImageObject","inLanguage":"en-US","@id":"https:\/\/oddeleniebiologie.sk\/#\/schema\/logo\/image\/","url":"https:\/\/oddeleniebiologie.sk\/wp-content\/uploads\/2023\/10\/cropped-Oddelenie-biologie.jpg","contentUrl":"https:\/\/oddeleniebiologie.sk\/wp-content\/uploads\/2023\/10\/cropped-Oddelenie-biologie.jpg","width":454,"height":440,"caption":"oddeleniebiologie.sk"},"image":{"@id":"https:\/\/oddeleniebiologie.sk\/#\/schema\/logo\/image\/"}}]}},"_links":{"self":[{"href":"https:\/\/oddeleniebiologie.sk\/en\/wp-json\/wp\/v2\/pages\/1247","targetHints":{"allow":["GET"]}}],"collection":[{"href":"https:\/\/oddeleniebiologie.sk\/en\/wp-json\/wp\/v2\/pages"}],"about":[{"href":"https:\/\/oddeleniebiologie.sk\/en\/wp-json\/wp\/v2\/types\/page"}],"author":[{"embeddable":true,"href":"https:\/\/oddeleniebiologie.sk\/en\/wp-json\/wp\/v2\/users\/1"}],"replies":[{"embeddable":true,"href":"https:\/\/oddeleniebiologie.sk\/en\/wp-json\/wp\/v2\/comments?post=1247"}],"version-history":[{"count":6,"href":"https:\/\/oddeleniebiologie.sk\/en\/wp-json\/wp\/v2\/pages\/1247\/revisions"}],"predecessor-version":[{"id":4989,"href":"https:\/\/oddeleniebiologie.sk\/en\/wp-json\/wp\/v2\/pages\/1247\/revisions\/4989"}],"wp:attachment":[{"href":"https:\/\/oddeleniebiologie.sk\/en\/wp-json\/wp\/v2\/media?parent=1247"}],"curies":[{"name":"wp","href":"https:\/\/api.w.org\/{rel}","templated":true}]}}