{"id":2665,"date":"2021-09-10T15:40:09","date_gmt":"2021-09-10T13:40:09","guid":{"rendered":"https:\/\/katedrabiologie.sk\/?page_id=2665"},"modified":"2025-10-21T13:37:51","modified_gmt":"2025-10-21T11:37:51","slug":"mgr-renata-kozacikova","status":"publish","type":"page","link":"https:\/\/oddeleniebiologie.sk\/en\/mgr-renata-kozacikova\/","title":{"rendered":"Mgr. Ren\u00e1ta Koz\u00e1\u010dikov\u00e1"},"content":{"rendered":"\n<div class=\"wp-block-columns is-layout-flex wp-container-core-columns-is-layout-9d6595d7 wp-block-columns-is-layout-flex\">\n<div class=\"wp-block-column is-layout-flow wp-block-column-is-layout-flow\" style=\"flex-basis:33.33%\">\n<figure class=\"wp-block-image size-large\"><img loading=\"lazy\" decoding=\"async\" width=\"1125\" height=\"1501\" src=\"https:\/\/oddeleniebiologie.sk\/wp-content\/uploads\/2021\/09\/Kozacikova-1-edited.jpg\" alt=\"\" class=\"wp-image-2713\" srcset=\"https:\/\/oddeleniebiologie.sk\/wp-content\/uploads\/2021\/09\/Kozacikova-1-edited.jpg 1125w, https:\/\/oddeleniebiologie.sk\/wp-content\/uploads\/2021\/09\/Kozacikova-1-edited-225x300.jpg 225w, https:\/\/oddeleniebiologie.sk\/wp-content\/uploads\/2021\/09\/Kozacikova-1-edited-767x1024.jpg 767w, https:\/\/oddeleniebiologie.sk\/wp-content\/uploads\/2021\/09\/Kozacikova-1-edited-768x1025.jpg 768w, https:\/\/oddeleniebiologie.sk\/wp-content\/uploads\/2021\/09\/Kozacikova-1-edited-9x12.jpg 9w, https:\/\/oddeleniebiologie.sk\/wp-content\/uploads\/2021\/09\/Kozacikova-1-edited-1024x1366.jpg 1024w, https:\/\/oddeleniebiologie.sk\/wp-content\/uploads\/2021\/09\/Kozacikova-1-edited-809x1080.jpg 809w\" sizes=\"auto, (max-width: 1125px) 100vw, 1125px\" \/><\/figure>\n<\/div>\n\n\n\n<div class=\"wp-block-column is-layout-flow wp-block-column-is-layout-flow\" style=\"flex-basis:66.66%\">\n<p class=\"has-black-color has-text-color\">doktorand (5. ro\u010dn\u00edk)<\/p>\n\n\n\n<p class=\"has-black-color has-text-color\"><strong>T\u00e9ma pr\u00e1ce:\u00a0<\/strong>Vplyv faj\u010denia na or\u00e1lny mikrobi\u00f3m u probandov vo veku do 25 rokov v slovenskej popul\u00e1cii<\/p>\n\n\n\n<p class=\"has-black-color has-text-color\">\u0161kolite\u013e:&nbsp;<strong>prof. RNDr. Juraj Kraj\u010dovi\u010d, CSc. <\/strong><\/p>\n\n\n\n<p class=\"has-black-color has-text-color has-link-color wp-elements-73e4f88d1c4dc9daca4f50a5edae4dda\">konzultant: <strong>Mgr. Dominika Ve\u0161el\u00e9nyiov\u00e1, PhD.<\/strong><\/p>\n\n\n\n<p class=\"has-black-color has-text-color\"><strong>Zameranie: <\/strong>molekul\u00e1rna biol\u00f3gia, dent\u00e1lne ochorenia, genetick\u00e9 markery, DNA varianty, paropatog\u00e9nne bakt\u00e9rie<\/p>\n\n\n\n<p><strong><span class=\"has-inline-color has-black-color\">Vedenie pr\u00e1c (obh\u00e1jen\u00e9):<\/span><\/strong><\/p>\n\n\n\n<p class=\"has-black-color has-text-color\">Bakal\u00e1rske 2;<\/p>\n\n\n\n<p><strong><span style=\"background-color:rgba(0, 0, 0, 0)\" class=\"has-inline-color has-black-color\">\u00da\u010das\u0165 na rie\u0161en\u00ed vedecko-v\u00fdskumn\u00fdch projektov:<\/span><\/strong> <\/p>\n\n\n\n<ul class=\"wp-block-list has-black-color has-text-color\">\n<li><strong>FPV-09-2022<\/strong>:&nbsp; \u0160t\u00fadium genetick\u00fdch variantov asociovan\u00fdch s agres\u00edvnou parodontit\u00eddou (ved\u00faci projektu)<\/li>\n\n\n\n<li><strong>FPV-07-2023<\/strong>: \u0160t\u00fadium paropatog\u00e9nnych bakt\u00e9ri\u00ed asociovan\u00fdch s agres\u00edvnou parodontit\u00eddou (ved\u00faci projektu)<\/li>\n\n\n\n<li><strong>FPPV-55-2024<\/strong>: \u0160t\u00fadium rozdielov v or\u00e1lnom mikrobi\u00f3me medzi nefaj\u010diarmi a faj\u010diarmi a vyu\u017eitia olivov\u00fdch polyfenolov ako potencion\u00e1lnych terapeut\u00edk pri zmieren\u00ed \u00fa\u010dinkov faj\u010denia (ved\u00faci projektu)<\/li>\n<\/ul>\n\n\n\n<p class=\"has-black-color has-text-color has-link-color wp-elements-0a296076db038ac6598c456b245b7888\"><strong>Absolvovan\u00e1 zahrani\u010dn\u00e1 st\u00e1\u017e:<\/strong><\/p>\n\n\n\n<ul class=\"wp-block-list has-black-color has-text-color\">\n<li><strong>2024 <\/strong>\u2013 MAGI Group, laborat\u00f3rium klinickej genetiky, San Felice del Benaco, Taliansko<\/li>\n\n\n\n<li class=\"has-black-color has-text-color has-link-color wp-elements-38b5fe40e5b54cdf24b148b1d62c1f3c\"><strong>2025 <\/strong>\u2013 MAGI Group, laborat\u00f3rium klinickej genetiky, San Felice del Benaco, Taliansk<\/li>\n<\/ul>\n\n\n\n<p><strong><span style=\"background-color:rgba(0, 0, 0, 0)\" class=\"has-inline-color has-black-color\">Publik\u00e1cie: <\/span><\/strong><\/p>\n\n\n\n<ol start=\"1\" style=\"list-style-type:1\" class=\"wp-block-list has-black-color has-text-color\">\n<li><strong>Koz\u00e1\u010dikov\u00e1, R<\/strong>. \u2013 Ve\u0161el\u00e9nyiov\u00e1, D. \u2013 Kraj\u010dovi\u010d, J. (<strong>2020<\/strong>) Indukcia vzniku bielych mutantov <em>Euglena gracilis <\/em>pomocou dlhodob\u00e9ho ovplyv\u0148ovania ofloxac\u00ednom. In: <em>&nbsp;Zborn\u00edk pr\u00e1c Celoslovensk\u00e1 \u0161tudentsk\u00e1 vedeck\u00e1 konferencia. Aplikovan\u00e9 pr\u00edrodn\u00e9 vedy 2020. <\/em>2020, s. 48-53<\/li>\n\n\n\n<li><strong>Koz\u00e1\u010dikov\u00e1, R<\/strong>. \u2013 Ve\u0161el\u00e9nyiov\u00e1, D. \u2013 Kraj\u010dovi\u010d, J. (<strong>2021<\/strong>) Indukcia nov\u00fdch mutantn\u00fdch buniek bi\u010d\u00edkovca <em>Euglena gracilis <\/em>a&nbsp;\u0161t\u00fadium degrad\u00e1cie plastidov\u00e9ho gen\u00f3mu. In: <em>&nbsp;Zborn\u00edk pr\u00e1c Celoslovensk\u00e1 \u0161tudentsk\u00e1 vedeck\u00e1 konferencia. Aplikovan\u00e9 pr\u00edrodn\u00e9 vedy 2021<\/em>. 2021, s. 22-26.<\/li>\n\n\n\n<li> <strong>Ren\u00e1ta Koz\u00e1\u010dikov\u00e1<\/strong>, Dominika Ve\u0161el\u00e9nyiov\u00e1, Juraj Kraj\u010dovi\u010d, (<strong>2021<\/strong>). Preparation of new white mutants of Euglena gracilis and their characterization using microscopy and molecular-biological methods = Pr\u00edprava nov\u00fdch bielych mutantov bi\u010d\u00edkovca Euglena gracilis a ich charakterizovanie pomocou mikroskopie a molekul\u00e1rno-biologick\u00fdmi met\u00f3dami. In: Applied Natural Sciences : A Young Scientists Journal : A Young Scientists Journal \/ Jozef Sokol, Daniela Chmelov\u00e1, Miroslav Ondrejovi\u010d. &#8211; 1. vyd. &#8211; Brno : V\u00fdzkumn\u00fd \u00fastav pivova\u0159sk\u00fd a slada\u0159sk\u00fd, 2021. &#8211; ISBN 978-80-86576-96-1, s. 23-24.<\/li>\n\n\n\n<li>Gabriela Kras\u0148ansk\u00e1, Lenka Wachsmannov\u00e1, Mari\u00e1n Baldovi\u010d, V. Elia\u0161, <strong>Ren\u00e1ta Koz\u00e1\u010dikov\u00e1<\/strong>, Gabriela B\u013eandov\u00e1, Michaela Mrkvov\u00e1, R\u00f3bert Ostr\u00f3, M\u00e1ria Andrejkov\u00e1, Michal Kone\u010dn\u00fd, (<strong>2022)<\/strong>. Mas\u00edvne paraleln\u00e9 sekvenovanie u pacientov s prim\u00e1rnymi imunodeficienciami: porovnanie pr\u00edstupov CES a WES. In: 32. Izakovi\u010dov memori\u00e1l : Odborn\u00fd program a abstrakty. \u2013 Bratislava : Slovensk\u00e1 spolo\u010dnos\u0165 lek\u00e1rskej genetiky SLS. \u2013 ISBN 978-80-974233-2-2, s. 27-27.<\/li>\n\n\n\n<li>Gabriela B\u013eandov\u00e1, Andrea Patlevi\u010dov\u00e1, <strong>Ren\u00e1ta Koz\u00e1\u010dikov\u00e1<\/strong>, V. Elia\u0161,&nbsp;Gabriela Kras\u0148ansk\u00e1, J\u00falius Hodosy, Lenka Wachsmannov\u00e1, Michal Kone\u010dn\u00fd, Vanda Repisk\u00e1, Mari\u00e1n Baldovi\u010d, (<strong>2022)<\/strong>. \u0160t\u00fadium asoci\u00e1cie variability mitochondri\u00e1lnej DNA a rizika ochorenia COVID-19 v slovenskej popul\u00e1cii. In: 32. Izakovi\u010dov memori\u00e1l \/ [bez zostavovate\u013ea]. \u2013 1. vyd. \u2013 Bratislava : Medirex Group Academy, 2022. \u2013 ISBN 978-80-974233-2-2, s. 21-21.<\/li>\n\n\n\n<li><strong>Ren\u00e1ta Koz\u00e1\u010dikov\u00e1<\/strong>, Lenka Wachsmannov\u00e1, V. Elia\u0161,&nbsp;Gabriela Kras\u0148ansk\u00e1, Gabriela B\u013eandov\u00e1, Mari\u00e1n Baldovi\u010d, Eva Kova\u013eov\u00e1, Juraj Kraj\u010dovi\u010d, Michal Kone\u010dn\u00fd, (<strong>2022)<\/strong>&nbsp;.\u0160t\u00fadium asoci\u00e1cie z\u00e1palov\u00fdch markerov pri parodontit\u00edde s autoimunitn\u00fdmi ochoreniami. In: 32. Izakovi\u010dov memori\u00e1l : Odborn\u00fd program a abstrakty : Odborn\u00fd program a abstrakty \/ nezn\u00e1me. \u2013 1. vyd. \u2013 Bratislava : Slovensk\u00e1 spolo\u010dnos\u0165 lek\u00e1rskej genetiky SLS, 2022. \u2013 ISBN 978-80-974233-2-2, s. [1-2].<\/li>\n\n\n\n<li><strong>Ren\u00e1ta Koz\u00e1\u010dikov\u00e1<\/strong>, Michal Kone\u010dn\u00fd, Juraj Kraj\u010dovi\u010d. (<strong>2022)<\/strong>. The study of genetics variants associated with periodontitis and association with periodontal microbiome. In: Aplikovan\u00e9 pr\u00edrodn\u00e9 vedy 2022 : sekcia doktorandov : zborn\u00edk pr\u00e1c : zborn\u00edk pr\u00e1c \/ Martin Valica ; recenzenti: Anita Andicsova Eckstein, J\u00e1n Kraic. &#8211; 1. vyd. &#8211; Trnava : Fakulta pr\u00edrodn\u00fdch vied, 2022. &#8211; ISBN 978-80-572-0242-4 (online), s. 50-55.<\/li>\n\n\n\n<li>Gabriela Kras\u0148ansk\u00e1, Zuzana Li\u0161\u010dinsk\u00e1, Lenka Wachsmannov\u00e1, Gabriela B\u013eandov\u00e1, <strong>Ren\u00e1ta Koz\u00e1\u010dikov\u00e1<\/strong>, V. Elia\u0161, Mari\u00e1n Baldovi\u010d, Michal Kone\u010dn\u00fd, (<strong>2023)<\/strong>. Genetika kolagenopati\u00ed a asoci\u00e1cia s parodontit\u00eddou = Genetics of collagenopathies and its association with periodontitis. In:&nbsp;Efekt\u00edvny mana\u017ement parodontol\u00f3gie v modernej priv\u00e1tnej praxi 2023&nbsp;\/ Lucia Hud\u00e1kov\u00e1, Eva Kova\u013eov\u00e1, Vladim\u00edr Javorka. \u2013 1. vyd. \u2013 Pre\u0161ov : Fakulta zdravotn\u00edckych odborov, 2023. \u2013 ISBN 978-80-555-3077-2, s. 88-102.<\/li>\n\n\n\n<li><strong>Ren\u00e1ta Koz\u00e1\u010dikov\u00e1<\/strong>, Michal Kone\u010dn\u00fd, Lenka Wachsmannov\u00e1, V. Elia\u0161,&nbsp;Gabriela Kras\u0148ansk\u00e1, Gabriela B\u013eandov\u00e1, Mari\u00e1n Baldovi\u010d, Zuzana Ger\u0161i, Eva Kova\u013eov\u00e1, (<strong>2023)<\/strong>. Vplyv genetick\u00fdch a epigenetick\u00fdch faktorov na ochorenie parodontit\u00eddy = Influence of genetic and epigenetic factors on periodontitis. In: Efekt\u00edvny mana\u017ement parodontol\u00f3gie v modernej priv\u00e1tnej praxi 2023 \/ Lucia Hud\u00e1kov\u00e1, Eva Kova\u013eov\u00e1, Vladim\u00edr Javorka. \u2013 1. vyd. \u2013 Pre\u0161ov : Fakulta zdravotn\u00edckych odborov, 2023. \u2013 ISBN 978-80-555-3077-2, s. 75-87.<\/li>\n\n\n\n<li>Lenka Wachsmannov\u00e1, Silvia Dulansk\u00e1,&nbsp;Gabriela Kras\u0148ansk\u00e1, <strong>Ren\u00e1ta Koz\u00e1\u010dikov\u00e1<\/strong>, V. Elia\u0161, Michal Kone\u010dn\u00fd, (<strong>2023<\/strong>). Mikrobi\u00f3m a jeho \u00faloha v patogen\u00e9ze kolorekt\u00e1lneho karcin\u00f3mu a or\u00e1lnych ochoren\u00ed [print] = The microbiome and its function in the pathogenesis of colorectal cancer and oral diseases. In: Efekt\u00edvny mana\u017ement parodontol\u00f3gie v modernej priv\u00e1tnej praxi 2023 \/ Lucia Hud\u00e1kov\u00e1, Eva Kova\u013eov\u00e1, Vladim\u00edr Javorka. \u2013 1. vyd. \u2013 Pre\u0161ov : Fakulta zdravotn\u00edckych odborov, 2023. \u2013 ISBN 978-80-555-3077-2, s. 62-74.<\/li>\n\n\n\n<li>B\u013eandov\u00e1 Gabriela \u2013 <strong>Koz\u00e1\u010dikov\u00e1 Ren\u00e1ta<\/strong> \u2013 Eli\u00e1\u0161 Vladim\u00edr \u2013&nbsp;Kras\u0148ansk\u00e1 Gabriela<strong>&nbsp;<\/strong>\u2013 Wachsmannov\u00e1 Lenka \u2013 Kone\u010dn\u00fd Michal \u2013 Repisk\u00e1 Vanda \u2013 Baldovi\u010d Mari\u00e1n. (<strong>2023<\/strong>). Varianty motochondri\u00e1lnej DNA ako potenci\u00e1lne rizikov\u00e9 faktory pre rozvoj parodontit\u00eddy = Mitochondrial DNA variants as potential risk factors for the progress of periodontitits. In: Efekt\u00edvny mana\u017ement parodontol\u00f3gie v modernej priv\u00e1tnej praxi 2023 \/ Lucia Hud\u00e1kov\u00e1, Eva Kova\u013eov\u00e1, Vladim\u00edr Javorka. \u2013 1. vyd. \u2013 Pre\u0161ov : Fakulta zdravotn\u00edckych odborov, 2023. \u2013 ISBN 978-80-555-3077-2, s. 103-111.<\/li>\n\n\n\n<li>Dundar MS, Belanova I, Bonetti G, Gelanova V,<strong> Kozacikova R,<\/strong> Veselenyiova D, Macchia A, Micheletti C, Medori C, Donato K, Ricci M, Cestari M, Amato B, Micheletti C, Boccardo F, Dundar M, Bertelli M, Michelini S. (<strong>2023<\/strong>). Genetic Variants in Genes Correlated to the PI3K\/AKT Pathway: The Role of ARAP3, CDH5, KIF11 and RELN in Primary Lymphedema. Lymphology. 2023;56(4):152-159.<\/li>\n\n\n\n<li><strong>Koz\u00e1\u010dikov\u00e1 Ren\u00e1ta, <\/strong>Ve\u0161el\u00e9nyiov\u00e1 Dominika (<strong>2024<\/strong>). \u0160t\u00fadium rozdielov v or\u00e1lnom mikrobi\u00f3me medzi nefaj\u010diarmi a faj\u010diarmi v slovenskej popul\u00e1cii.&nbsp; In: \u0160tudentsk\u00e1 vedeck\u00e1 konferencia 2024, zborn\u00edk recenzovan\u00fdch pr\u00edspevkov, 1. vyd. \u2013 Univerzita Mateja Bela v Banskej Bystrici; Univerzita Kon\u0161tant\u00edna Filozofa v Nitre; Univerzita sv. Cyrila a Metoda v Trnave, 2024. \u2013 ISBN 978-80-557-2147-7.,&nbsp; s. 352-356.<\/li>\n\n\n\n<li>Kova\u013eov\u00e1 Eva,&nbsp; Kova\u013e Alexander, Roshko Oksana, Matu\u0161evsk\u00e1 M\u00e1ria, Jord\u00e1n Daniel, Kone\u010dn\u00fd Michal, <strong>Koz\u00e1\u010dikov\u00e1 Ren\u00e1ta<\/strong> (<strong>2024<\/strong>).Riziko prenosu paropatog\u00e9neho mikrobi\u00f3mu zvierat na \u010dloveka.In: Parodontol\u00f3gia. Or\u00e1lne sliznice. Genetika a imunol\u00f3gia parodontu. Efekt\u00edvny mana\u017ement parodontol\u00f3gie v dennej praxi: recenzovan\u00fd zborn\u00edk z vedeckej konferencie s medzin\u00e1rodnou \u00fa\u010das\u0165ou. 1. vyd. \u2013 Pre\u0161ov (Slovensko): Slovensk\u00e1 stomatologick\u00e1 spolo\u010dnos\u0165; Slovensk\u00e1 lek\u00e1rska spolo\u010dnos\u0165, 2024. \u2013 ISBN 978-80-555-3254-7. s. 6-13<\/li>\n\n\n\n<li class=\"has-black-color has-text-color has-link-color wp-elements-6069c12748f4a44fcf1660b8d636e53d\">Belanov\u00e1, I., Veselenyiova, D., Gelanov\u00e1, V., <strong>Koz\u00e1\u010dikov\u00e1, R.<\/strong>, Bonetti, G., Kaftalli, J., Macchia, A., Medori, M., Dhuli, K., Guerri, G., Miertus, S., Miertus, J., Ricci, M., Cestari, M., Amato, B., Boccardo, F., De Filippo, G., Michelini, S., Michelini, S., Maltese, P., Bertelli, M. &amp; Michelini, S., (<strong>2025<\/strong>). Genetic variants in LZTR1, MAP2K1 and RAF1: insights into the role of RAS-MAPK pathway in primary lymphedema. Lymphology 58(2), 46-55. <\/li>\n\n\n\n<li class=\"has-black-color has-text-color has-link-color wp-elements-9bb4d262692e734088254cf99c13ba28\"><strong>Koz\u00e1\u010dikov\u00e1, R.<\/strong>, Veselenyiova, D., Gelanov\u00e1, V., Belanov\u00e1, I., Bonetti, G., Kaftalli, J., Maltese, P., Macchia, A., Micheletti, C., Donato, K., Ferrari, L., Miertus, S., Miertus, J., Ricci, M., Cestari, M., Michelini, S., Michelini, S., Cecchin, S., Bartelli, M. &amp; Michelini, S., (<strong>2025<\/strong>). Genetic study of HGF-MET signaling pathway in primary lymphedema patients: supporting evidence for loss of function variants in HGF. Lymphology 57(4), 198-210. <\/li>\n\n\n\n<li class=\"has-black-color has-text-color has-link-color wp-elements-2e464ea497a38993d31b9a1bd1351a98\"><strong>Koz\u00e1\u010dikov\u00e1, R<\/strong>., Jedli\u010dka, A., Gelanov\u00e1, V., Kraj\u010dovi\u010d, J., &amp; Ve\u0161el\u00e9nyiov\u00e1, D. (<strong>2025<\/strong>). Advances and Challenges in Crispr-cas9 Microbial Genome Editing: a Review. Nova Biotechnologica Et Chimica, 24(1), e2190.<\/li>\n<\/ol>\n<\/div>\n<\/div>\n","protected":false},"excerpt":{"rendered":"<p>doktorand (5. ro\u010dn\u00edk) T\u00e9ma pr\u00e1ce:\u00a0Vplyv faj\u010denia na or\u00e1lny mikrobi\u00f3m u probandov vo veku do 25 rokov v slovenskej popul\u00e1cii \u0161kolite\u013e:&nbsp;prof. RNDr. Juraj Kraj\u010dovi\u010d, CSc. konzultant: Mgr. Dominika Ve\u0161el\u00e9nyiov\u00e1, PhD. Zameranie: molekul\u00e1rna biol\u00f3gia, dent\u00e1lne ochorenia, genetick\u00e9 markery, DNA varianty, paropatog\u00e9nne bakt\u00e9rie Vedenie pr\u00e1c (obh\u00e1jen\u00e9): Bakal\u00e1rske 2; \u00da\u010das\u0165 na rie\u0161en\u00ed vedecko-v\u00fdskumn\u00fdch projektov: Absolvovan\u00e1 zahrani\u010dn\u00e1 st\u00e1\u017e: Publik\u00e1cie:<\/p>","protected":false},"author":1,"featured_media":0,"parent":0,"menu_order":0,"comment_status":"closed","ping_status":"closed","template":"","meta":{"_monsterinsights_skip_tracking":false,"_monsterinsights_sitenote_active":false,"_monsterinsights_sitenote_note":"","_monsterinsights_sitenote_category":0,"ngg_post_thumbnail":0,"footnotes":""},"class_list":["post-2665","page","type-page","status-publish","hentry"],"yoast_head":"<!-- This site is optimized with the Yoast SEO plugin v27.5 - https:\/\/yoast.com\/product\/yoast-seo-wordpress\/ -->\n<title>Mgr. Ren\u00e1ta Koz\u00e1\u010dikov\u00e1 - oddeleniebiologie.sk<\/title>\n<meta name=\"robots\" content=\"index, follow, max-snippet:-1, max-image-preview:large, max-video-preview:-1\" \/>\n<link rel=\"canonical\" href=\"https:\/\/oddeleniebiologie.sk\/en\/mgr-renata-kozacikova\/\" \/>\n<meta property=\"og:locale\" content=\"en_US\" \/>\n<meta property=\"og:type\" content=\"article\" \/>\n<meta property=\"og:title\" content=\"Mgr. Ren\u00e1ta Koz\u00e1\u010dikov\u00e1 - oddeleniebiologie.sk\" \/>\n<meta property=\"og:description\" content=\"doktorand (5. ro\u010dn\u00edk) T\u00e9ma pr\u00e1ce:\u00a0Vplyv faj\u010denia na or\u00e1lny mikrobi\u00f3m u probandov vo veku do 25 rokov v slovenskej popul\u00e1cii \u0161kolite\u013e:&nbsp;prof. RNDr. Juraj Kraj\u010dovi\u010d, CSc. konzultant: Mgr. Dominika Ve\u0161el\u00e9nyiov\u00e1, PhD. Zameranie: molekul\u00e1rna biol\u00f3gia, dent\u00e1lne ochorenia, genetick\u00e9 markery, DNA varianty, paropatog\u00e9nne bakt\u00e9rie Vedenie pr\u00e1c (obh\u00e1jen\u00e9): Bakal\u00e1rske 2; \u00da\u010das\u0165 na rie\u0161en\u00ed vedecko-v\u00fdskumn\u00fdch projektov: Absolvovan\u00e1 zahrani\u010dn\u00e1 st\u00e1\u017e: Publik\u00e1cie:\" \/>\n<meta property=\"og:url\" content=\"https:\/\/oddeleniebiologie.sk\/en\/mgr-renata-kozacikova\/\" \/>\n<meta property=\"og:site_name\" content=\"oddeleniebiologie.sk\" \/>\n<meta property=\"article:modified_time\" content=\"2025-10-21T11:37:51+00:00\" \/>\n<meta property=\"og:image\" content=\"https:\/\/oddeleniebiologie.sk\/wp-content\/uploads\/2021\/09\/Kozacikova-1-edited.jpg\" \/>\n\t<meta property=\"og:image:width\" content=\"1125\" \/>\n\t<meta property=\"og:image:height\" content=\"1501\" \/>\n\t<meta property=\"og:image:type\" content=\"image\/jpeg\" \/>\n<meta name=\"twitter:card\" content=\"summary_large_image\" \/>\n<meta name=\"twitter:label1\" content=\"Est. reading time\" \/>\n\t<meta name=\"twitter:data1\" content=\"6 minutes\" \/>\n<script type=\"application\/ld+json\" class=\"yoast-schema-graph\">{\"@context\":\"https:\\\/\\\/schema.org\",\"@graph\":[{\"@type\":\"WebPage\",\"@id\":\"https:\\\/\\\/oddeleniebiologie.sk\\\/mgr-renata-kozacikova\\\/\",\"url\":\"https:\\\/\\\/oddeleniebiologie.sk\\\/mgr-renata-kozacikova\\\/\",\"name\":\"Mgr. Ren\u00e1ta Koz\u00e1\u010dikov\u00e1 - oddeleniebiologie.sk\",\"isPartOf\":{\"@id\":\"https:\\\/\\\/oddeleniebiologie.sk\\\/#website\"},\"primaryImageOfPage\":{\"@id\":\"https:\\\/\\\/oddeleniebiologie.sk\\\/mgr-renata-kozacikova\\\/#primaryimage\"},\"image\":{\"@id\":\"https:\\\/\\\/oddeleniebiologie.sk\\\/mgr-renata-kozacikova\\\/#primaryimage\"},\"thumbnailUrl\":\"https:\\\/\\\/oddeleniebiologie.sk\\\/wp-content\\\/uploads\\\/2021\\\/09\\\/Kozacikova-1-edited.jpg\",\"datePublished\":\"2021-09-10T13:40:09+00:00\",\"dateModified\":\"2025-10-21T11:37:51+00:00\",\"breadcrumb\":{\"@id\":\"https:\\\/\\\/oddeleniebiologie.sk\\\/mgr-renata-kozacikova\\\/#breadcrumb\"},\"inLanguage\":\"en-US\",\"potentialAction\":[{\"@type\":\"ReadAction\",\"target\":[\"https:\\\/\\\/oddeleniebiologie.sk\\\/mgr-renata-kozacikova\\\/\"]}]},{\"@type\":\"ImageObject\",\"inLanguage\":\"en-US\",\"@id\":\"https:\\\/\\\/oddeleniebiologie.sk\\\/mgr-renata-kozacikova\\\/#primaryimage\",\"url\":\"https:\\\/\\\/oddeleniebiologie.sk\\\/wp-content\\\/uploads\\\/2021\\\/09\\\/Kozacikova-1-edited.jpg\",\"contentUrl\":\"https:\\\/\\\/oddeleniebiologie.sk\\\/wp-content\\\/uploads\\\/2021\\\/09\\\/Kozacikova-1-edited.jpg\"},{\"@type\":\"BreadcrumbList\",\"@id\":\"https:\\\/\\\/oddeleniebiologie.sk\\\/mgr-renata-kozacikova\\\/#breadcrumb\",\"itemListElement\":[{\"@type\":\"ListItem\",\"position\":1,\"name\":\"Home\",\"item\":\"https:\\\/\\\/oddeleniebiologie.sk\\\/\"},{\"@type\":\"ListItem\",\"position\":2,\"name\":\"Mgr. Ren\u00e1ta Koz\u00e1\u010dikov\u00e1\"}]},{\"@type\":\"WebSite\",\"@id\":\"https:\\\/\\\/oddeleniebiologie.sk\\\/#website\",\"url\":\"https:\\\/\\\/oddeleniebiologie.sk\\\/\",\"name\":\"oddeleniebiologie.sk\",\"description\":\"Oddelenie biol\u00f3gie\",\"publisher\":{\"@id\":\"https:\\\/\\\/oddeleniebiologie.sk\\\/#organization\"},\"potentialAction\":[{\"@type\":\"SearchAction\",\"target\":{\"@type\":\"EntryPoint\",\"urlTemplate\":\"https:\\\/\\\/oddeleniebiologie.sk\\\/?s={search_term_string}\"},\"query-input\":{\"@type\":\"PropertyValueSpecification\",\"valueRequired\":true,\"valueName\":\"search_term_string\"}}],\"inLanguage\":\"en-US\"},{\"@type\":\"Organization\",\"@id\":\"https:\\\/\\\/oddeleniebiologie.sk\\\/#organization\",\"name\":\"oddeleniebiologie.sk\",\"url\":\"https:\\\/\\\/oddeleniebiologie.sk\\\/\",\"logo\":{\"@type\":\"ImageObject\",\"inLanguage\":\"en-US\",\"@id\":\"https:\\\/\\\/oddeleniebiologie.sk\\\/#\\\/schema\\\/logo\\\/image\\\/\",\"url\":\"https:\\\/\\\/oddeleniebiologie.sk\\\/wp-content\\\/uploads\\\/2023\\\/10\\\/cropped-Oddelenie-biologie.jpg\",\"contentUrl\":\"https:\\\/\\\/oddeleniebiologie.sk\\\/wp-content\\\/uploads\\\/2023\\\/10\\\/cropped-Oddelenie-biologie.jpg\",\"width\":454,\"height\":440,\"caption\":\"oddeleniebiologie.sk\"},\"image\":{\"@id\":\"https:\\\/\\\/oddeleniebiologie.sk\\\/#\\\/schema\\\/logo\\\/image\\\/\"}}]}<\/script>\n<!-- \/ Yoast SEO plugin. -->","yoast_head_json":{"title":"Mgr. Ren\u00e1ta Koz\u00e1\u010dikov\u00e1 - oddeleniebiologie.sk","robots":{"index":"index","follow":"follow","max-snippet":"max-snippet:-1","max-image-preview":"max-image-preview:large","max-video-preview":"max-video-preview:-1"},"canonical":"https:\/\/oddeleniebiologie.sk\/en\/mgr-renata-kozacikova\/","og_locale":"en_US","og_type":"article","og_title":"Mgr. Ren\u00e1ta Koz\u00e1\u010dikov\u00e1 - oddeleniebiologie.sk","og_description":"doktorand (5. ro\u010dn\u00edk) T\u00e9ma pr\u00e1ce:\u00a0Vplyv faj\u010denia na or\u00e1lny mikrobi\u00f3m u probandov vo veku do 25 rokov v slovenskej popul\u00e1cii \u0161kolite\u013e:&nbsp;prof. RNDr. Juraj Kraj\u010dovi\u010d, CSc. konzultant: Mgr. Dominika Ve\u0161el\u00e9nyiov\u00e1, PhD. Zameranie: molekul\u00e1rna biol\u00f3gia, dent\u00e1lne ochorenia, genetick\u00e9 markery, DNA varianty, paropatog\u00e9nne bakt\u00e9rie Vedenie pr\u00e1c (obh\u00e1jen\u00e9): Bakal\u00e1rske 2; \u00da\u010das\u0165 na rie\u0161en\u00ed vedecko-v\u00fdskumn\u00fdch projektov: Absolvovan\u00e1 zahrani\u010dn\u00e1 st\u00e1\u017e: Publik\u00e1cie:","og_url":"https:\/\/oddeleniebiologie.sk\/en\/mgr-renata-kozacikova\/","og_site_name":"oddeleniebiologie.sk","article_modified_time":"2025-10-21T11:37:51+00:00","og_image":[{"width":1125,"height":1501,"url":"https:\/\/oddeleniebiologie.sk\/wp-content\/uploads\/2021\/09\/Kozacikova-1-edited.jpg","type":"image\/jpeg"}],"twitter_card":"summary_large_image","twitter_misc":{"Est. reading time":"6 minutes"},"schema":{"@context":"https:\/\/schema.org","@graph":[{"@type":"WebPage","@id":"https:\/\/oddeleniebiologie.sk\/mgr-renata-kozacikova\/","url":"https:\/\/oddeleniebiologie.sk\/mgr-renata-kozacikova\/","name":"Mgr. Ren\u00e1ta Koz\u00e1\u010dikov\u00e1 - oddeleniebiologie.sk","isPartOf":{"@id":"https:\/\/oddeleniebiologie.sk\/#website"},"primaryImageOfPage":{"@id":"https:\/\/oddeleniebiologie.sk\/mgr-renata-kozacikova\/#primaryimage"},"image":{"@id":"https:\/\/oddeleniebiologie.sk\/mgr-renata-kozacikova\/#primaryimage"},"thumbnailUrl":"https:\/\/oddeleniebiologie.sk\/wp-content\/uploads\/2021\/09\/Kozacikova-1-edited.jpg","datePublished":"2021-09-10T13:40:09+00:00","dateModified":"2025-10-21T11:37:51+00:00","breadcrumb":{"@id":"https:\/\/oddeleniebiologie.sk\/mgr-renata-kozacikova\/#breadcrumb"},"inLanguage":"en-US","potentialAction":[{"@type":"ReadAction","target":["https:\/\/oddeleniebiologie.sk\/mgr-renata-kozacikova\/"]}]},{"@type":"ImageObject","inLanguage":"en-US","@id":"https:\/\/oddeleniebiologie.sk\/mgr-renata-kozacikova\/#primaryimage","url":"https:\/\/oddeleniebiologie.sk\/wp-content\/uploads\/2021\/09\/Kozacikova-1-edited.jpg","contentUrl":"https:\/\/oddeleniebiologie.sk\/wp-content\/uploads\/2021\/09\/Kozacikova-1-edited.jpg"},{"@type":"BreadcrumbList","@id":"https:\/\/oddeleniebiologie.sk\/mgr-renata-kozacikova\/#breadcrumb","itemListElement":[{"@type":"ListItem","position":1,"name":"Home","item":"https:\/\/oddeleniebiologie.sk\/"},{"@type":"ListItem","position":2,"name":"Mgr. Ren\u00e1ta Koz\u00e1\u010dikov\u00e1"}]},{"@type":"WebSite","@id":"https:\/\/oddeleniebiologie.sk\/#website","url":"https:\/\/oddeleniebiologie.sk\/","name":"oddeleniebiologie.sk","description":"Oddelenie biol\u00f3gie","publisher":{"@id":"https:\/\/oddeleniebiologie.sk\/#organization"},"potentialAction":[{"@type":"SearchAction","target":{"@type":"EntryPoint","urlTemplate":"https:\/\/oddeleniebiologie.sk\/?s={search_term_string}"},"query-input":{"@type":"PropertyValueSpecification","valueRequired":true,"valueName":"search_term_string"}}],"inLanguage":"en-US"},{"@type":"Organization","@id":"https:\/\/oddeleniebiologie.sk\/#organization","name":"oddeleniebiologie.sk","url":"https:\/\/oddeleniebiologie.sk\/","logo":{"@type":"ImageObject","inLanguage":"en-US","@id":"https:\/\/oddeleniebiologie.sk\/#\/schema\/logo\/image\/","url":"https:\/\/oddeleniebiologie.sk\/wp-content\/uploads\/2023\/10\/cropped-Oddelenie-biologie.jpg","contentUrl":"https:\/\/oddeleniebiologie.sk\/wp-content\/uploads\/2023\/10\/cropped-Oddelenie-biologie.jpg","width":454,"height":440,"caption":"oddeleniebiologie.sk"},"image":{"@id":"https:\/\/oddeleniebiologie.sk\/#\/schema\/logo\/image\/"}}]}},"_links":{"self":[{"href":"https:\/\/oddeleniebiologie.sk\/en\/wp-json\/wp\/v2\/pages\/2665","targetHints":{"allow":["GET"]}}],"collection":[{"href":"https:\/\/oddeleniebiologie.sk\/en\/wp-json\/wp\/v2\/pages"}],"about":[{"href":"https:\/\/oddeleniebiologie.sk\/en\/wp-json\/wp\/v2\/types\/page"}],"author":[{"embeddable":true,"href":"https:\/\/oddeleniebiologie.sk\/en\/wp-json\/wp\/v2\/users\/1"}],"replies":[{"embeddable":true,"href":"https:\/\/oddeleniebiologie.sk\/en\/wp-json\/wp\/v2\/comments?post=2665"}],"version-history":[{"count":6,"href":"https:\/\/oddeleniebiologie.sk\/en\/wp-json\/wp\/v2\/pages\/2665\/revisions"}],"predecessor-version":[{"id":4987,"href":"https:\/\/oddeleniebiologie.sk\/en\/wp-json\/wp\/v2\/pages\/2665\/revisions\/4987"}],"wp:attachment":[{"href":"https:\/\/oddeleniebiologie.sk\/en\/wp-json\/wp\/v2\/media?parent=2665"}],"curies":[{"name":"wp","href":"https:\/\/api.w.org\/{rel}","templated":true}]}}