{"id":481,"date":"2021-08-18T12:16:02","date_gmt":"2021-08-18T10:16:02","guid":{"rendered":"https:\/\/katedrabiologie.sk\/?page_id=481"},"modified":"2025-11-20T13:08:47","modified_gmt":"2025-11-20T12:08:47","slug":"studijne-pobyty","status":"publish","type":"page","link":"https:\/\/oddeleniebiologie.sk\/en\/studijne-pobyty\/","title":{"rendered":"\u0160tudijn\u00e9 pobyty"},"content":{"rendered":"<h3 class=\"wp-block-heading\" style=\"font-size:25px\"><mark style=\"background-color:rgba(0, 0, 0, 0)\" class=\"has-inline-color has-black-color\">Koordin\u00e1tor pre Erasmus+ na Oddelen\u00ed biol\u00f3gie:  <strong>RNDr. Zuzana Ger\u0161i, PhD. <\/strong><\/mark><\/h3>\n\n\n\n<p class=\"has-black-color has-text-color\">tel.: 033 5565 341; e-mail: <a href=\"mailto:zuzana.gersi@ucm.sk\">zuzana.gersi@ucm.sk<\/a>  <\/p>\n\n\n\n<p class=\"has-black-color has-text-color\">V\u0161etky inform\u00e1cie a dokumenty potrebn\u00e9 pre \u0161tudijn\u00fd pobyt n\u00e1jdete na str\u00e1nke FPV UCM: <a href=\"https:\/\/www.ucm.sk\/sk\/erasmus-mobilita-studentov-studium\/\" target=\"_blank\" rel=\"noreferrer noopener\">https:\/\/www.ucm.sk\/sk\/erasmus-mobilita-studentov-studium\/<\/a><\/p>\n\n\n\n<p class=\"has-black-color has-text-color\">V\u0161etky inform\u00e1cie a dokumenty potrebn\u00e9 pre st\u00e1\u017e n\u00e1jdete na str\u00e1nke FPV UCM: <a href=\"https:\/\/www.ucm.sk\/sk\/erasmus-mobilita-studentov-staz\/\" target=\"_blank\" rel=\"noreferrer noopener\">https:\/\/www.ucm.sk\/sk\/erasmus-mobilita-studentov-staz\/<\/a><\/p>\n\n\n\n<p class=\"has-black-color has-text-color\"><strong>Erasmus+<\/strong>&nbsp;&#8211; program Eur\u00f3pskej \u00fanie podporuj\u00faci zahrani\u010dn\u00fa mobilitu vysoko\u0161kolsk\u00fdch \u0161tudentov a pedag\u00f3gov. Viac o programe n\u00e1jdete na&nbsp;<a href=\"https:\/\/www.erasmusplus.sk\/\" target=\"_blank\" rel=\"noreferrer noopener\">www.erasmusplus.sk<\/a>.<\/p>\n\n\n\n<p class=\"has-black-color has-text-color\"><strong>\u0160tudenti aj pedag\u00f3govia <\/strong>FPV UCM sa prihlasuj\u00fa u svojho katedrov\u00e9ho koordin\u00e1tora formou p\u00edsomnej prihl\u00e1\u0161ky, ktor\u00e1 obsahuje kontaktn\u00e9 \u00fadaje prihlasovan\u00e9ho a kr\u00e1tke zd\u00f4vodnenie \u0161tudijn\u00e9ho pobytu, perspekt\u00edvne pr\u00ednosy.<\/p>\n\n\n\n<p class=\"has-black-color has-text-color\">Fakulta na z\u00e1klade transparentn\u00e9ho v\u00fdberov\u00e9ho konania, pod\u013ea n\u00e1vrhov z oddelen\u00ed, nominuje \u0161tudentov a pedag\u00f3gov na mobilitu v s\u00falade s platn\u00fdmi <strong>bilater\u00e1lnymi dohodami.<\/strong><\/p>\n\n\n\n<h4 class=\"wp-block-heading has-text-align-center has-black-color has-text-color\">Mo\u017enos\u0165 vycestova\u0165 V\u00e1m prin\u00e1\u0161a i SAIA &#8211; Slovensk\u00e1 akademick\u00e1 informa\u010dn\u00e1 agent\u00fara a CEEPUS<span style=\"font-size: revert;\">&nbsp;&#8211; Stredoeur\u00f3psky v\u00fdmenn\u00fd program pre univerzitn\u00e9 \u0161t\u00fadi\u00e1<\/span>.  <\/h4>\n\n\n\n<ul class=\"wp-block-list has-black-color has-text-color\">\n<li><strong>SAIA<\/strong>&nbsp;&#8211; Slovensk\u00e1 akademick\u00e1 informa\u010dn\u00e1 agent\u00fara zabezpe\u010duje programy, ktor\u00e9 podporuj\u00fa individu\u00e1lne \u0161tudijn\u00e9, vzdel\u00e1vacie\/predn\u00e1\u0161kov\u00e9 a v\u00fdskumn\u00e9 mobility zo Slovenska do zahrani\u010dia. Viac inform\u00e1cii n\u00e1jdete na&nbsp;<a href=\"https:\/\/www.saia.sk\/\" target=\"_blank\" rel=\"noreferrer noopener\">www.saia.sk<\/a>.<\/li>\n\n\n\n<li><strong>CEEPUS<\/strong>&nbsp;&#8211; Stredoeur\u00f3psky v\u00fdmenn\u00fd program pre univerzitn\u00e9 \u0161t\u00fadi\u00e1 taktie\u017e podporuje akademick\u00e9 mobility. Viac inform\u00e1cii n\u00e1jdete na&nbsp;<a href=\"https:\/\/ceepus.saia.sk\/sk\/main\/co-je-program-ceepus\" target=\"_blank\" rel=\"noreferrer noopener\">https:\/\/ceepus.saia.sk\/sk\/main\/co-je-program-ceepus<\/a>.<\/li>\n<\/ul>","protected":false},"excerpt":{"rendered":"<p>Koordin\u00e1tor pre Erasmus+ na Oddelen\u00ed biol\u00f3gie: RNDr. Zuzana Ger\u0161i, PhD. tel.: 033 5565 341; e-mail: zuzana.gersi@ucm.sk V\u0161etky inform\u00e1cie a dokumenty potrebn\u00e9 pre \u0161tudijn\u00fd pobyt n\u00e1jdete na str\u00e1nke FPV UCM: https:\/\/www.ucm.sk\/sk\/erasmus-mobilita-studentov-studium\/ V\u0161etky inform\u00e1cie a dokumenty potrebn\u00e9 pre st\u00e1\u017e n\u00e1jdete na str\u00e1nke FPV UCM: https:\/\/www.ucm.sk\/sk\/erasmus-mobilita-studentov-staz\/ Erasmus+&nbsp;&#8211; program Eur\u00f3pskej \u00fanie podporuj\u00faci zahrani\u010dn\u00fa mobilitu vysoko\u0161kolsk\u00fdch \u0161tudentov a pedag\u00f3gov. Viac&hellip; <br \/> <a class=\"read-more\" href=\"https:\/\/oddeleniebiologie.sk\/en\/studijne-pobyty\/\">Read more<\/a><\/p>","protected":false},"author":1,"featured_media":0,"parent":0,"menu_order":0,"comment_status":"closed","ping_status":"closed","template":"","meta":{"_monsterinsights_skip_tracking":false,"_monsterinsights_sitenote_active":false,"_monsterinsights_sitenote_note":"","_monsterinsights_sitenote_category":0,"ngg_post_thumbnail":0,"footnotes":""},"class_list":["post-481","page","type-page","status-publish","hentry"],"yoast_head":"<!-- This site is optimized with the Yoast SEO plugin v27.5 - https:\/\/yoast.com\/product\/yoast-seo-wordpress\/ -->\n<title>\u0160tudijn\u00e9 pobyty - oddeleniebiologie.sk<\/title>\n<meta name=\"robots\" content=\"index, follow, max-snippet:-1, max-image-preview:large, max-video-preview:-1\" \/>\n<link rel=\"canonical\" href=\"https:\/\/oddeleniebiologie.sk\/en\/studijne-pobyty\/\" \/>\n<meta property=\"og:locale\" content=\"en_US\" \/>\n<meta property=\"og:type\" content=\"article\" \/>\n<meta property=\"og:title\" content=\"\u0160tudijn\u00e9 pobyty - oddeleniebiologie.sk\" \/>\n<meta property=\"og:description\" content=\"Koordin\u00e1tor pre Erasmus+ na Oddelen\u00ed biol\u00f3gie: RNDr. Zuzana Ger\u0161i, PhD. tel.: 033 5565 341; e-mail: zuzana.gersi@ucm.sk V\u0161etky inform\u00e1cie a dokumenty potrebn\u00e9 pre \u0161tudijn\u00fd pobyt n\u00e1jdete na str\u00e1nke FPV UCM: https:\/\/www.ucm.sk\/sk\/erasmus-mobilita-studentov-studium\/ V\u0161etky inform\u00e1cie a dokumenty potrebn\u00e9 pre st\u00e1\u017e n\u00e1jdete na str\u00e1nke FPV UCM: https:\/\/www.ucm.sk\/sk\/erasmus-mobilita-studentov-staz\/ Erasmus+&nbsp;&#8211; program Eur\u00f3pskej \u00fanie podporuj\u00faci zahrani\u010dn\u00fa mobilitu vysoko\u0161kolsk\u00fdch \u0161tudentov a pedag\u00f3gov. Viac&hellip; Read more\" \/>\n<meta property=\"og:url\" content=\"https:\/\/oddeleniebiologie.sk\/en\/studijne-pobyty\/\" \/>\n<meta property=\"og:site_name\" content=\"oddeleniebiologie.sk\" \/>\n<meta property=\"article:modified_time\" content=\"2025-11-20T12:08:47+00:00\" \/>\n<meta name=\"twitter:card\" content=\"summary_large_image\" \/>\n<meta name=\"twitter:label1\" content=\"Est. reading time\" \/>\n\t<meta name=\"twitter:data1\" content=\"1 minute\" \/>\n<script type=\"application\/ld+json\" class=\"yoast-schema-graph\">{\"@context\":\"https:\\\/\\\/schema.org\",\"@graph\":[{\"@type\":\"WebPage\",\"@id\":\"https:\\\/\\\/oddeleniebiologie.sk\\\/studijne-pobyty\\\/\",\"url\":\"https:\\\/\\\/oddeleniebiologie.sk\\\/studijne-pobyty\\\/\",\"name\":\"\u0160tudijn\u00e9 pobyty - oddeleniebiologie.sk\",\"isPartOf\":{\"@id\":\"https:\\\/\\\/oddeleniebiologie.sk\\\/#website\"},\"datePublished\":\"2021-08-18T10:16:02+00:00\",\"dateModified\":\"2025-11-20T12:08:47+00:00\",\"breadcrumb\":{\"@id\":\"https:\\\/\\\/oddeleniebiologie.sk\\\/studijne-pobyty\\\/#breadcrumb\"},\"inLanguage\":\"en-US\",\"potentialAction\":[{\"@type\":\"ReadAction\",\"target\":[\"https:\\\/\\\/oddeleniebiologie.sk\\\/studijne-pobyty\\\/\"]}]},{\"@type\":\"BreadcrumbList\",\"@id\":\"https:\\\/\\\/oddeleniebiologie.sk\\\/studijne-pobyty\\\/#breadcrumb\",\"itemListElement\":[{\"@type\":\"ListItem\",\"position\":1,\"name\":\"Home\",\"item\":\"https:\\\/\\\/oddeleniebiologie.sk\\\/\"},{\"@type\":\"ListItem\",\"position\":2,\"name\":\"\u0160tudijn\u00e9 pobyty\"}]},{\"@type\":\"WebSite\",\"@id\":\"https:\\\/\\\/oddeleniebiologie.sk\\\/#website\",\"url\":\"https:\\\/\\\/oddeleniebiologie.sk\\\/\",\"name\":\"oddeleniebiologie.sk\",\"description\":\"Oddelenie biol\u00f3gie\",\"publisher\":{\"@id\":\"https:\\\/\\\/oddeleniebiologie.sk\\\/#organization\"},\"potentialAction\":[{\"@type\":\"SearchAction\",\"target\":{\"@type\":\"EntryPoint\",\"urlTemplate\":\"https:\\\/\\\/oddeleniebiologie.sk\\\/?s={search_term_string}\"},\"query-input\":{\"@type\":\"PropertyValueSpecification\",\"valueRequired\":true,\"valueName\":\"search_term_string\"}}],\"inLanguage\":\"en-US\"},{\"@type\":\"Organization\",\"@id\":\"https:\\\/\\\/oddeleniebiologie.sk\\\/#organization\",\"name\":\"oddeleniebiologie.sk\",\"url\":\"https:\\\/\\\/oddeleniebiologie.sk\\\/\",\"logo\":{\"@type\":\"ImageObject\",\"inLanguage\":\"en-US\",\"@id\":\"https:\\\/\\\/oddeleniebiologie.sk\\\/#\\\/schema\\\/logo\\\/image\\\/\",\"url\":\"https:\\\/\\\/oddeleniebiologie.sk\\\/wp-content\\\/uploads\\\/2023\\\/10\\\/cropped-Oddelenie-biologie.jpg\",\"contentUrl\":\"https:\\\/\\\/oddeleniebiologie.sk\\\/wp-content\\\/uploads\\\/2023\\\/10\\\/cropped-Oddelenie-biologie.jpg\",\"width\":454,\"height\":440,\"caption\":\"oddeleniebiologie.sk\"},\"image\":{\"@id\":\"https:\\\/\\\/oddeleniebiologie.sk\\\/#\\\/schema\\\/logo\\\/image\\\/\"}}]}<\/script>\n<!-- \/ Yoast SEO plugin. -->","yoast_head_json":{"title":"\u0160tudijn\u00e9 pobyty - oddeleniebiologie.sk","robots":{"index":"index","follow":"follow","max-snippet":"max-snippet:-1","max-image-preview":"max-image-preview:large","max-video-preview":"max-video-preview:-1"},"canonical":"https:\/\/oddeleniebiologie.sk\/en\/studijne-pobyty\/","og_locale":"en_US","og_type":"article","og_title":"\u0160tudijn\u00e9 pobyty - oddeleniebiologie.sk","og_description":"Koordin\u00e1tor pre Erasmus+ na Oddelen\u00ed biol\u00f3gie: RNDr. Zuzana Ger\u0161i, PhD. tel.: 033 5565 341; e-mail: zuzana.gersi@ucm.sk V\u0161etky inform\u00e1cie a dokumenty potrebn\u00e9 pre \u0161tudijn\u00fd pobyt n\u00e1jdete na str\u00e1nke FPV UCM: https:\/\/www.ucm.sk\/sk\/erasmus-mobilita-studentov-studium\/ V\u0161etky inform\u00e1cie a dokumenty potrebn\u00e9 pre st\u00e1\u017e n\u00e1jdete na str\u00e1nke FPV UCM: https:\/\/www.ucm.sk\/sk\/erasmus-mobilita-studentov-staz\/ Erasmus+&nbsp;&#8211; program Eur\u00f3pskej \u00fanie podporuj\u00faci zahrani\u010dn\u00fa mobilitu vysoko\u0161kolsk\u00fdch \u0161tudentov a pedag\u00f3gov. Viac&hellip; Read more","og_url":"https:\/\/oddeleniebiologie.sk\/en\/studijne-pobyty\/","og_site_name":"oddeleniebiologie.sk","article_modified_time":"2025-11-20T12:08:47+00:00","twitter_card":"summary_large_image","twitter_misc":{"Est. reading time":"1 minute"},"schema":{"@context":"https:\/\/schema.org","@graph":[{"@type":"WebPage","@id":"https:\/\/oddeleniebiologie.sk\/studijne-pobyty\/","url":"https:\/\/oddeleniebiologie.sk\/studijne-pobyty\/","name":"\u0160tudijn\u00e9 pobyty - oddeleniebiologie.sk","isPartOf":{"@id":"https:\/\/oddeleniebiologie.sk\/#website"},"datePublished":"2021-08-18T10:16:02+00:00","dateModified":"2025-11-20T12:08:47+00:00","breadcrumb":{"@id":"https:\/\/oddeleniebiologie.sk\/studijne-pobyty\/#breadcrumb"},"inLanguage":"en-US","potentialAction":[{"@type":"ReadAction","target":["https:\/\/oddeleniebiologie.sk\/studijne-pobyty\/"]}]},{"@type":"BreadcrumbList","@id":"https:\/\/oddeleniebiologie.sk\/studijne-pobyty\/#breadcrumb","itemListElement":[{"@type":"ListItem","position":1,"name":"Home","item":"https:\/\/oddeleniebiologie.sk\/"},{"@type":"ListItem","position":2,"name":"\u0160tudijn\u00e9 pobyty"}]},{"@type":"WebSite","@id":"https:\/\/oddeleniebiologie.sk\/#website","url":"https:\/\/oddeleniebiologie.sk\/","name":"oddeleniebiologie.sk","description":"Oddelenie biol\u00f3gie","publisher":{"@id":"https:\/\/oddeleniebiologie.sk\/#organization"},"potentialAction":[{"@type":"SearchAction","target":{"@type":"EntryPoint","urlTemplate":"https:\/\/oddeleniebiologie.sk\/?s={search_term_string}"},"query-input":{"@type":"PropertyValueSpecification","valueRequired":true,"valueName":"search_term_string"}}],"inLanguage":"en-US"},{"@type":"Organization","@id":"https:\/\/oddeleniebiologie.sk\/#organization","name":"oddeleniebiologie.sk","url":"https:\/\/oddeleniebiologie.sk\/","logo":{"@type":"ImageObject","inLanguage":"en-US","@id":"https:\/\/oddeleniebiologie.sk\/#\/schema\/logo\/image\/","url":"https:\/\/oddeleniebiologie.sk\/wp-content\/uploads\/2023\/10\/cropped-Oddelenie-biologie.jpg","contentUrl":"https:\/\/oddeleniebiologie.sk\/wp-content\/uploads\/2023\/10\/cropped-Oddelenie-biologie.jpg","width":454,"height":440,"caption":"oddeleniebiologie.sk"},"image":{"@id":"https:\/\/oddeleniebiologie.sk\/#\/schema\/logo\/image\/"}}]}},"_links":{"self":[{"href":"https:\/\/oddeleniebiologie.sk\/en\/wp-json\/wp\/v2\/pages\/481","targetHints":{"allow":["GET"]}}],"collection":[{"href":"https:\/\/oddeleniebiologie.sk\/en\/wp-json\/wp\/v2\/pages"}],"about":[{"href":"https:\/\/oddeleniebiologie.sk\/en\/wp-json\/wp\/v2\/types\/page"}],"author":[{"embeddable":true,"href":"https:\/\/oddeleniebiologie.sk\/en\/wp-json\/wp\/v2\/users\/1"}],"replies":[{"embeddable":true,"href":"https:\/\/oddeleniebiologie.sk\/en\/wp-json\/wp\/v2\/comments?post=481"}],"version-history":[{"count":5,"href":"https:\/\/oddeleniebiologie.sk\/en\/wp-json\/wp\/v2\/pages\/481\/revisions"}],"predecessor-version":[{"id":5029,"href":"https:\/\/oddeleniebiologie.sk\/en\/wp-json\/wp\/v2\/pages\/481\/revisions\/5029"}],"wp:attachment":[{"href":"https:\/\/oddeleniebiologie.sk\/en\/wp-json\/wp\/v2\/media?parent=481"}],"curies":[{"name":"wp","href":"https:\/\/api.w.org\/{rel}","templated":true}]}}